{"id":490,"date":"2024-02-27T15:11:26","date_gmt":"2024-02-27T15:11:26","guid":{"rendered":"https:\/\/spacecampvalencia.es\/?page_id=490"},"modified":"2026-04-23T09:19:03","modified_gmt":"2026-04-23T09:19:03","slug":"faq","status":"publish","type":"page","link":"https:\/\/spacecampvalencia.es\/en\/faq","title":{"rendered":"FAQ"},"content":{"rendered":"\t\t<div data-elementor-type=\"wp-page\" data-elementor-id=\"490\" class=\"elementor elementor-490\" data-elementor-post-type=\"page\">\n\t\t\t\t<div class=\"elementor-element elementor-element-4fe4d58b e-flex e-con-boxed e-con e-parent\" data-id=\"4fe4d58b\" data-element_type=\"container\" data-e-type=\"container\" data-settings=\"{&quot;background_background&quot;:&quot;classic&quot;}\">\n\t\t\t\t\t<div class=\"e-con-inner\">\n\t\t\t\t<div class=\"elementor-element elementor-element-172fdb5 elementor-widget elementor-widget-spacer\" data-id=\"172fdb5\" data-element_type=\"widget\" data-e-type=\"widget\" data-widget_type=\"spacer.default\">\n\t\t\t\t<div class=\"elementor-widget-container\">\n\t\t\t\t\t\t\t<div class=\"elementor-spacer\">\n\t\t\t<div class=\"elementor-spacer-inner\"><\/div>\n\t\t<\/div>\n\t\t\t\t\t\t<\/div>\n\t\t\t\t<\/div>\n\t\t\t\t<div class=\"elementor-element elementor-element-18ff0bb3 elementor-widget elementor-widget-heading\" data-id=\"18ff0bb3\" data-element_type=\"widget\" data-e-type=\"widget\" data-widget_type=\"heading.default\">\n\t\t\t\t<div class=\"elementor-widget-container\">\n\t\t\t\t\t<h1 class=\"elementor-heading-title elementor-size-default\">FAQ<\/h1>\t\t\t\t<\/div>\n\t\t\t\t<\/div>\n\t\t\t\t<div class=\"elementor-element elementor-element-1ca609d elementor-widget elementor-widget-heading\" data-id=\"1ca609d\" data-element_type=\"widget\" data-e-type=\"widget\" data-widget_type=\"heading.default\">\n\t\t\t\t<div class=\"elementor-widget-container\">\n\t\t\t\t\t<h1 class=\"elementor-heading-title elementor-size-default\">Dudas Frecuentes<\/h1>\t\t\t\t<\/div>\n\t\t\t\t<\/div>\n\t\t\t\t<div class=\"elementor-element elementor-element-b4453cc elementor-widget elementor-widget-spacer\" data-id=\"b4453cc\" data-element_type=\"widget\" data-e-type=\"widget\" data-widget_type=\"spacer.default\">\n\t\t\t\t<div class=\"elementor-widget-container\">\n\t\t\t\t\t\t\t<div class=\"elementor-spacer\">\n\t\t\t<div class=\"elementor-spacer-inner\"><\/div>\n\t\t<\/div>\n\t\t\t\t\t\t<\/div>\n\t\t\t\t<\/div>\n\t\t\t\t<div class=\"elementor-element elementor-element-6b59c3c elementor-widget elementor-widget-accordion\" data-id=\"6b59c3c\" data-element_type=\"widget\" data-e-type=\"widget\" data-widget_type=\"accordion.default\">\n\t\t\t\t<div class=\"elementor-widget-container\">\n\t\t\t\t\t\t\t<div class=\"elementor-accordion\">\n\t\t\t\t\t\t\t<div class=\"elementor-accordion-item\">\n\t\t\t\t\t<div id=\"elementor-tab-title-1121\" class=\"elementor-tab-title\" data-tab=\"1\" role=\"button\" aria-controls=\"elementor-tab-content-1121\" aria-expanded=\"false\">\n\t\t\t\t\t\t\t\t\t\t\t\t\t<span class=\"elementor-accordion-icon elementor-accordion-icon-left\" aria-hidden=\"true\">\n\t\t\t\t\t\t\t\t\t\t\t\t\t\t\t<span class=\"elementor-accordion-icon-closed\"><svg class=\"e-font-icon-svg e-fas-plus\" viewBox=\"0 0 448 512\" xmlns=\"http:\/\/www.w3.org\/2000\/svg\"><path d=\"M416 208H272V64c0-17.67-14.33-32-32-32h-32c-17.67 0-32 14.33-32 32v144H32c-17.67 0-32 14.33-32 32v32c0 17.67 14.33 32 32 32h144v144c0 17.67 14.33 32 32 32h32c17.67 0 32-14.33 32-32V304h144c17.67 0 32-14.33 32-32v-32c0-17.67-14.33-32-32-32z\"><\/path><\/svg><\/span>\n\t\t\t\t\t\t\t\t<span class=\"elementor-accordion-icon-opened\"><svg class=\"e-font-icon-svg e-fas-minus\" viewBox=\"0 0 448 512\" xmlns=\"http:\/\/www.w3.org\/2000\/svg\"><path d=\"M416 208H32c-17.67 0-32 14.33-32 32v32c0 17.67 14.33 32 32 32h384c17.67 0 32-14.33 32-32v-32c0-17.67-14.33-32-32-32z\"><\/path><\/svg><\/span>\n\t\t\t\t\t\t\t\t\t\t\t\t\t\t<\/span>\n\t\t\t\t\t\t\t\t\t\t\t\t<a class=\"elementor-accordion-title\" tabindex=\"0\">\u00bfCu\u00e1ndo se hace el Space Camp?<\/a>\n\t\t\t\t\t<\/div>\n\t\t\t\t\t<div id=\"elementor-tab-content-1121\" class=\"elementor-tab-content elementor-clearfix\" data-tab=\"1\" role=\"region\" aria-labelledby=\"elementor-tab-title-1121\"><p>Space Camp se lleva a cabo durante <strong>una semana.\u00a0<\/strong>A continuaci\u00f3n puedes ver las fechas de las pr\u00f3ximas expediciones.<\/p><p>Puedes elegir la semana que m\u00e1s te convenga:<\/p><ul><li><p>Expedici\u00f3n 36<br \/>22\/06\/2026 \u2013 26\/06\/2026<\/p><\/li><li><p>Expedici\u00f3n 37<br \/>29\/06\/2026 \u2013 03\/07\/2026<\/p><\/li><li><p>Expedici\u00f3n 38<br \/>06\/07\/2026 \u2013 10\/07\/2026<\/p><\/li><li><p>Expedici\u00f3n 39<br \/>13\/07\/2026 \u2013 17\/07\/2026<\/p><\/li><li><p>Expedici\u00f3n 40<br \/>19\/07\/2026 \u2013 24\/07\/2026<\/p><\/li><\/ul><p>Existe la posibilidad de entrar a las 8.00h o salir a las 18.00h pagando un suplemento de 5\u20ac\/ma\u00f1ana y\/o 5\u20ac\/tarde.<\/p><\/div>\n\t\t\t\t<\/div>\n\t\t\t\t\t\t\t<div class=\"elementor-accordion-item\">\n\t\t\t\t\t<div id=\"elementor-tab-title-1122\" class=\"elementor-tab-title\" data-tab=\"2\" role=\"button\" aria-controls=\"elementor-tab-content-1122\" aria-expanded=\"false\">\n\t\t\t\t\t\t\t\t\t\t\t\t\t<span class=\"elementor-accordion-icon elementor-accordion-icon-left\" aria-hidden=\"true\">\n\t\t\t\t\t\t\t\t\t\t\t\t\t\t\t<span class=\"elementor-accordion-icon-closed\"><svg class=\"e-font-icon-svg e-fas-plus\" viewBox=\"0 0 448 512\" xmlns=\"http:\/\/www.w3.org\/2000\/svg\"><path d=\"M416 208H272V64c0-17.67-14.33-32-32-32h-32c-17.67 0-32 14.33-32 32v144H32c-17.67 0-32 14.33-32 32v32c0 17.67 14.33 32 32 32h144v144c0 17.67 14.33 32 32 32h32c17.67 0 32-14.33 32-32V304h144c17.67 0 32-14.33 32-32v-32c0-17.67-14.33-32-32-32z\"><\/path><\/svg><\/span>\n\t\t\t\t\t\t\t\t<span class=\"elementor-accordion-icon-opened\"><svg class=\"e-font-icon-svg e-fas-minus\" viewBox=\"0 0 448 512\" xmlns=\"http:\/\/www.w3.org\/2000\/svg\"><path d=\"M416 208H32c-17.67 0-32 14.33-32 32v32c0 17.67 14.33 32 32 32h384c17.67 0 32-14.33 32-32v-32c0-17.67-14.33-32-32-32z\"><\/path><\/svg><\/span>\n\t\t\t\t\t\t\t\t\t\t\t\t\t\t<\/span>\n\t\t\t\t\t\t\t\t\t\t\t\t<a class=\"elementor-accordion-title\" tabindex=\"0\">\u00bfD\u00f3nde se desarrolla el Space Camp?<\/a>\n\t\t\t\t\t<\/div>\n\t\t\t\t\t<div id=\"elementor-tab-content-1122\" class=\"elementor-tab-content elementor-clearfix\" data-tab=\"2\" role=\"region\" aria-labelledby=\"elementor-tab-title-1122\"><p>En general, Space Camp tiene lugar en<strong>\u00a0<\/strong>las instalaciones de Valencia Innovation Capital en el complejo Las Naves-La Harinera, ubicado en<b> la Calle Joan Verdeguer 16.<\/b><\/p><p><span style=\"font-size: 1rem;\">El d\u00eda de volar aeronaves, saldremos desde Las Naves al aer\u00f3dromo de Olocau en autob\u00fas y despu\u00e9s volveremos de nuevo a Las Naves. De igual manera, el d\u00eda de la experiencia de gravedad cero saldremos desde Las Naves en autob\u00fas hacia la piscina, pero ese d\u00eda acabar\u00e1 a las 17:00 en la Universitat Polit\u00e8cnica de Val\u00e8ncia, Puerta M (no volveremos a las Naves).\u00a0<\/span><\/p><p>En caso de que haya m\u00e1s salidas, s<span style=\"font-size: 1rem;\">e informar\u00e1 a los tripulantes del lugar de inicio y fin de cada d\u00eda para que acudan a la localizaci\u00f3n adecuada.<\/span><\/p><\/div>\n\t\t\t\t<\/div>\n\t\t\t\t\t\t\t<div class=\"elementor-accordion-item\">\n\t\t\t\t\t<div id=\"elementor-tab-title-1123\" class=\"elementor-tab-title\" data-tab=\"3\" role=\"button\" aria-controls=\"elementor-tab-content-1123\" aria-expanded=\"false\">\n\t\t\t\t\t\t\t\t\t\t\t\t\t<span class=\"elementor-accordion-icon elementor-accordion-icon-left\" aria-hidden=\"true\">\n\t\t\t\t\t\t\t\t\t\t\t\t\t\t\t<span class=\"elementor-accordion-icon-closed\"><svg class=\"e-font-icon-svg e-fas-plus\" viewBox=\"0 0 448 512\" xmlns=\"http:\/\/www.w3.org\/2000\/svg\"><path d=\"M416 208H272V64c0-17.67-14.33-32-32-32h-32c-17.67 0-32 14.33-32 32v144H32c-17.67 0-32 14.33-32 32v32c0 17.67 14.33 32 32 32h144v144c0 17.67 14.33 32 32 32h32c17.67 0 32-14.33 32-32V304h144c17.67 0 32-14.33 32-32v-32c0-17.67-14.33-32-32-32z\"><\/path><\/svg><\/span>\n\t\t\t\t\t\t\t\t<span class=\"elementor-accordion-icon-opened\"><svg class=\"e-font-icon-svg e-fas-minus\" viewBox=\"0 0 448 512\" xmlns=\"http:\/\/www.w3.org\/2000\/svg\"><path d=\"M416 208H32c-17.67 0-32 14.33-32 32v32c0 17.67 14.33 32 32 32h384c17.67 0 32-14.33 32-32v-32c0-17.67-14.33-32-32-32z\"><\/path><\/svg><\/span>\n\t\t\t\t\t\t\t\t\t\t\t\t\t\t<\/span>\n\t\t\t\t\t\t\t\t\t\t\t\t<a class=\"elementor-accordion-title\" tabindex=\"0\">\u00bfEn qu\u00e9 consiste el Space Camp?<\/a>\n\t\t\t\t\t<\/div>\n\t\t\t\t\t<div id=\"elementor-tab-content-1123\" class=\"elementor-tab-content elementor-clearfix\" data-tab=\"3\" role=\"region\" aria-labelledby=\"elementor-tab-title-1123\"><p>Space Camp es un campamento de una semana para futuros astronautas, con una actividad diferente cada d\u00eda. Los d\u00edas est\u00e1n estructurados de la siguiente manera:<\/p><ul><li>D\u00eda 1: Vuelo en aeronaves en el aer\u00f3dromo de Olocau.<\/li><li>D\u00eda 2: Trabajo en gravedad cero en piscinas.<\/li><li>D\u00eda 3: Misiones de exploraci\u00f3n en Marte con Rovers.<\/li><li>D\u00eda 4: Operaciones en la Estaci\u00f3n Espacial Internacional y Marte con Realidad Virtual.<\/li><li>D\u00eda 5: Investigaci\u00f3n sobre la vida fuera del planeta mediante experimentos de biolog\u00eda y qu\u00edmica.<\/li><\/ul><div>\u00a0<\/div><p>Las actividades est\u00e1n dise\u00f1adas para ense\u00f1ar aerodin\u00e1mica, rob\u00f3tica, ingenier\u00eda mec\u00e1nica, y astronom\u00eda de manera pr\u00e1ctica y educativa, adapt\u00e1ndose a las necesidades del grupo. La organizaci\u00f3n provee una experiencia inmersiva en ciencia y tecnolog\u00eda espacial.<\/p><p>La planificaci\u00f3n concreta de cada semana se har\u00e1 saber a los participantes mediante email una semana antes de su comienzo.<\/p><\/div>\n\t\t\t\t<\/div>\n\t\t\t\t\t\t\t<div class=\"elementor-accordion-item\">\n\t\t\t\t\t<div id=\"elementor-tab-title-1124\" class=\"elementor-tab-title\" data-tab=\"4\" role=\"button\" aria-controls=\"elementor-tab-content-1124\" aria-expanded=\"false\">\n\t\t\t\t\t\t\t\t\t\t\t\t\t<span class=\"elementor-accordion-icon elementor-accordion-icon-left\" aria-hidden=\"true\">\n\t\t\t\t\t\t\t\t\t\t\t\t\t\t\t<span class=\"elementor-accordion-icon-closed\"><svg class=\"e-font-icon-svg e-fas-plus\" viewBox=\"0 0 448 512\" xmlns=\"http:\/\/www.w3.org\/2000\/svg\"><path d=\"M416 208H272V64c0-17.67-14.33-32-32-32h-32c-17.67 0-32 14.33-32 32v144H32c-17.67 0-32 14.33-32 32v32c0 17.67 14.33 32 32 32h144v144c0 17.67 14.33 32 32 32h32c17.67 0 32-14.33 32-32V304h144c17.67 0 32-14.33 32-32v-32c0-17.67-14.33-32-32-32z\"><\/path><\/svg><\/span>\n\t\t\t\t\t\t\t\t<span class=\"elementor-accordion-icon-opened\"><svg class=\"e-font-icon-svg e-fas-minus\" viewBox=\"0 0 448 512\" xmlns=\"http:\/\/www.w3.org\/2000\/svg\"><path d=\"M416 208H32c-17.67 0-32 14.33-32 32v32c0 17.67 14.33 32 32 32h384c17.67 0 32-14.33 32-32v-32c0-17.67-14.33-32-32-32z\"><\/path><\/svg><\/span>\n\t\t\t\t\t\t\t\t\t\t\t\t\t\t<\/span>\n\t\t\t\t\t\t\t\t\t\t\t\t<a class=\"elementor-accordion-title\" tabindex=\"0\">\u00bfD\u00f3nde y qu\u00e9 se come?<\/a>\n\t\t\t\t\t<\/div>\n\t\t\t\t\t<div id=\"elementor-tab-content-1124\" class=\"elementor-tab-content elementor-clearfix\" data-tab=\"4\" role=\"region\" aria-labelledby=\"elementor-tab-title-1124\"><p>Las comidas se realizan en Las Naves en<b> la Calle Joan Verdeguer 16.<\/b><\/p><p>Las Naves cuentan con espacios abiertos destinados a los almuerzos y comidas de los participantes cuando realicen actividades en sus instalaciones.<\/p><p>La comida consta de <strong>men\u00fas variados y equilibrados<\/strong> que incluyen un primero, un segundo y postre realizado por un catering familiar especializado.<\/p><p>Existen men\u00fas especiales para las personas al\u00e9rgicas o intolerantes a alg\u00fan alimento.<\/p><p>El d\u00eda de la salida al aer\u00f3dromo y el d\u00eda de la salida a la piscina las comidas ser\u00e1n para llevar. Se puede llevar snacks o fruta de casa para las salidas.<\/p><p>Los almuerzos son s\u00e1ndwiches variados (dos opciones como m\u00ednimo para escoger) tanto salados como dulces y zumos.<\/p><p>Si quieres, tambi\u00e9n puedes traerte el almuerzo de casa!<\/p><\/div>\n\t\t\t\t<\/div>\n\t\t\t\t\t\t\t<div class=\"elementor-accordion-item\">\n\t\t\t\t\t<div id=\"elementor-tab-title-1125\" class=\"elementor-tab-title\" data-tab=\"5\" role=\"button\" aria-controls=\"elementor-tab-content-1125\" aria-expanded=\"false\">\n\t\t\t\t\t\t\t\t\t\t\t\t\t<span class=\"elementor-accordion-icon elementor-accordion-icon-left\" aria-hidden=\"true\">\n\t\t\t\t\t\t\t\t\t\t\t\t\t\t\t<span class=\"elementor-accordion-icon-closed\"><svg class=\"e-font-icon-svg e-fas-plus\" viewBox=\"0 0 448 512\" xmlns=\"http:\/\/www.w3.org\/2000\/svg\"><path d=\"M416 208H272V64c0-17.67-14.33-32-32-32h-32c-17.67 0-32 14.33-32 32v144H32c-17.67 0-32 14.33-32 32v32c0 17.67 14.33 32 32 32h144v144c0 17.67 14.33 32 32 32h32c17.67 0 32-14.33 32-32V304h144c17.67 0 32-14.33 32-32v-32c0-17.67-14.33-32-32-32z\"><\/path><\/svg><\/span>\n\t\t\t\t\t\t\t\t<span class=\"elementor-accordion-icon-opened\"><svg class=\"e-font-icon-svg e-fas-minus\" viewBox=\"0 0 448 512\" xmlns=\"http:\/\/www.w3.org\/2000\/svg\"><path d=\"M416 208H32c-17.67 0-32 14.33-32 32v32c0 17.67 14.33 32 32 32h384c17.67 0 32-14.33 32-32v-32c0-17.67-14.33-32-32-32z\"><\/path><\/svg><\/span>\n\t\t\t\t\t\t\t\t\t\t\t\t\t\t<\/span>\n\t\t\t\t\t\t\t\t\t\t\t\t<a class=\"elementor-accordion-title\" tabindex=\"0\">\u00bfQu\u00e9 incluye el precio?<\/a>\n\t\t\t\t\t<\/div>\n\t\t\t\t\t<div id=\"elementor-tab-content-1125\" class=\"elementor-tab-content elementor-clearfix\" data-tab=\"5\" role=\"region\" aria-labelledby=\"elementor-tab-title-1125\"><ul>\n<li>Todas las comidas y almuerzos.<\/li>\n<li>Todos los materiales y equipos para desarrollar las actividades previstas.<\/li>\n<li>Profesionales acreditados, profesores y monitores.<\/li>\n<li>Todos los desplazamientos para las actividades.<\/li>\n<li>Camiseta del Space Camp.<\/li>\n<li>Seguros de responsabilidad civil y m\u00e9dico.<\/li>\n<li>Proceso autorizaci\u00f3n de los tutores para vuelo online*.<\/li>\n<li>Diploma de acreditaci\u00f3n final.<\/li>\n<\/ul>\n<p>*Como excepci\u00f3n, en caso de no poder completar el proceso online, se har\u00e1 en la notar\u00eda Arag\u00f3n 29.<\/p><\/div>\n\t\t\t\t<\/div>\n\t\t\t\t\t\t\t<div class=\"elementor-accordion-item\">\n\t\t\t\t\t<div id=\"elementor-tab-title-1126\" class=\"elementor-tab-title\" data-tab=\"6\" role=\"button\" aria-controls=\"elementor-tab-content-1126\" aria-expanded=\"false\">\n\t\t\t\t\t\t\t\t\t\t\t\t\t<span class=\"elementor-accordion-icon elementor-accordion-icon-left\" aria-hidden=\"true\">\n\t\t\t\t\t\t\t\t\t\t\t\t\t\t\t<span class=\"elementor-accordion-icon-closed\"><svg class=\"e-font-icon-svg e-fas-plus\" viewBox=\"0 0 448 512\" xmlns=\"http:\/\/www.w3.org\/2000\/svg\"><path d=\"M416 208H272V64c0-17.67-14.33-32-32-32h-32c-17.67 0-32 14.33-32 32v144H32c-17.67 0-32 14.33-32 32v32c0 17.67 14.33 32 32 32h144v144c0 17.67 14.33 32 32 32h32c17.67 0 32-14.33 32-32V304h144c17.67 0 32-14.33 32-32v-32c0-17.67-14.33-32-32-32z\"><\/path><\/svg><\/span>\n\t\t\t\t\t\t\t\t<span class=\"elementor-accordion-icon-opened\"><svg class=\"e-font-icon-svg e-fas-minus\" viewBox=\"0 0 448 512\" xmlns=\"http:\/\/www.w3.org\/2000\/svg\"><path d=\"M416 208H32c-17.67 0-32 14.33-32 32v32c0 17.67 14.33 32 32 32h384c17.67 0 32-14.33 32-32v-32c0-17.67-14.33-32-32-32z\"><\/path><\/svg><\/span>\n\t\t\t\t\t\t\t\t\t\t\t\t\t\t<\/span>\n\t\t\t\t\t\t\t\t\t\t\t\t<a class=\"elementor-accordion-title\" tabindex=\"0\">\u00bfEn qu\u00e9 consiste el d\u00eda del vuelo en aeronaves?<\/a>\n\t\t\t\t\t<\/div>\n\t\t\t\t\t<div id=\"elementor-tab-content-1126\" class=\"elementor-tab-content elementor-clearfix\" data-tab=\"6\" role=\"region\" aria-labelledby=\"elementor-tab-title-1126\"><p>El d\u00eda del vuelo en aeronaves arranca a las 9:00 h con la salida desde Escuela de Ciencia hacia el <span style=\"text-decoration: underline;\">aer\u00f3dromo de Olocau. <\/span><\/p><p>All\u00ed, un equipo de <strong>pilotos profesionales<\/strong> imparte una clase magistral sobre el vuelo en ultraligero, cubriendo desde la aerodin\u00e1mica hasta el manejo seguro de la aeronave.<\/p><p>Posteriormente, los participantes exploran el aer\u00f3dromo y se familiarizan con los mandos de la cabina del avi\u00f3n que van a pilotar. Cada uno tiene la oportunidad de actuar como copiloto, despegando y volando por los cielos de Valencia.<\/p><p>Si el piloto lo considera apropiado, <strong>el participante podr\u00e1 tomar los mandos<\/strong>, siempre bajo supervisi\u00f3n experta.<\/p><p>Esta jornada est\u00e1 pensada para ofrecer una experiencia educativa y pr\u00e1ctica en vuelo, cargada de emoci\u00f3n y seguridad. El regreso a la escuela est\u00e1 previsto para las 17:00 h, cerrando un d\u00eda lleno de aprendizaje y aventura.<\/p><\/div>\n\t\t\t\t<\/div>\n\t\t\t\t\t\t\t<div class=\"elementor-accordion-item\">\n\t\t\t\t\t<div id=\"elementor-tab-title-1127\" class=\"elementor-tab-title\" data-tab=\"7\" role=\"button\" aria-controls=\"elementor-tab-content-1127\" aria-expanded=\"false\">\n\t\t\t\t\t\t\t\t\t\t\t\t\t<span class=\"elementor-accordion-icon elementor-accordion-icon-left\" aria-hidden=\"true\">\n\t\t\t\t\t\t\t\t\t\t\t\t\t\t\t<span class=\"elementor-accordion-icon-closed\"><svg class=\"e-font-icon-svg e-fas-plus\" viewBox=\"0 0 448 512\" xmlns=\"http:\/\/www.w3.org\/2000\/svg\"><path d=\"M416 208H272V64c0-17.67-14.33-32-32-32h-32c-17.67 0-32 14.33-32 32v144H32c-17.67 0-32 14.33-32 32v32c0 17.67 14.33 32 32 32h144v144c0 17.67 14.33 32 32 32h32c17.67 0 32-14.33 32-32V304h144c17.67 0 32-14.33 32-32v-32c0-17.67-14.33-32-32-32z\"><\/path><\/svg><\/span>\n\t\t\t\t\t\t\t\t<span class=\"elementor-accordion-icon-opened\"><svg class=\"e-font-icon-svg e-fas-minus\" viewBox=\"0 0 448 512\" xmlns=\"http:\/\/www.w3.org\/2000\/svg\"><path d=\"M416 208H32c-17.67 0-32 14.33-32 32v32c0 17.67 14.33 32 32 32h384c17.67 0 32-14.33 32-32v-32c0-17.67-14.33-32-32-32z\"><\/path><\/svg><\/span>\n\t\t\t\t\t\t\t\t\t\t\t\t\t\t<\/span>\n\t\t\t\t\t\t\t\t\t\t\t\t<a class=\"elementor-accordion-title\" tabindex=\"0\">\u00bfQu\u00e9 sucede si hace mal tiempo el d\u00eda del vuelo?<\/a>\n\t\t\t\t\t<\/div>\n\t\t\t\t\t<div id=\"elementor-tab-content-1127\" class=\"elementor-tab-content elementor-clearfix\" data-tab=\"7\" role=\"region\" aria-labelledby=\"elementor-tab-title-1127\"><p>En Space Camp Valencia, <strong>la seguridad es nuestra m\u00e1xima prioridad.<\/strong><\/p><p>Aunque no podemos controlar el clima, nos aseguramos de que cada d\u00eda sea una oportunidad de aprendizaje, incluso si las condiciones meteorol\u00f3gicas no permiten volar. Si el mal tiempo impide realizar el vuelo, los participantes recibir\u00e1n formaci\u00f3n detallada sobre aeronaves en el aer\u00f3dromo y tendr\u00e1n la oportunidad de pilotar drones y conocer las aeronaves y\u00a0 subirse a ellas aunque no despeguen.<\/p><p>Adem\u00e1s, haremos todo lo posible por reprogramar el vuelo dentro de la misma semana del campamento, asegurando una experiencia completa y enriquecedora para todos.<\/p><\/div>\n\t\t\t\t<\/div>\n\t\t\t\t\t\t\t<div class=\"elementor-accordion-item\">\n\t\t\t\t\t<div id=\"elementor-tab-title-1128\" class=\"elementor-tab-title\" data-tab=\"8\" role=\"button\" aria-controls=\"elementor-tab-content-1128\" aria-expanded=\"false\">\n\t\t\t\t\t\t\t\t\t\t\t\t\t<span class=\"elementor-accordion-icon elementor-accordion-icon-left\" aria-hidden=\"true\">\n\t\t\t\t\t\t\t\t\t\t\t\t\t\t\t<span class=\"elementor-accordion-icon-closed\"><svg class=\"e-font-icon-svg e-fas-plus\" viewBox=\"0 0 448 512\" xmlns=\"http:\/\/www.w3.org\/2000\/svg\"><path d=\"M416 208H272V64c0-17.67-14.33-32-32-32h-32c-17.67 0-32 14.33-32 32v144H32c-17.67 0-32 14.33-32 32v32c0 17.67 14.33 32 32 32h144v144c0 17.67 14.33 32 32 32h32c17.67 0 32-14.33 32-32V304h144c17.67 0 32-14.33 32-32v-32c0-17.67-14.33-32-32-32z\"><\/path><\/svg><\/span>\n\t\t\t\t\t\t\t\t<span class=\"elementor-accordion-icon-opened\"><svg class=\"e-font-icon-svg e-fas-minus\" viewBox=\"0 0 448 512\" xmlns=\"http:\/\/www.w3.org\/2000\/svg\"><path d=\"M416 208H32c-17.67 0-32 14.33-32 32v32c0 17.67 14.33 32 32 32h384c17.67 0 32-14.33 32-32v-32c0-17.67-14.33-32-32-32z\"><\/path><\/svg><\/span>\n\t\t\t\t\t\t\t\t\t\t\t\t\t\t<\/span>\n\t\t\t\t\t\t\t\t\t\t\t\t<a class=\"elementor-accordion-title\" tabindex=\"0\">\u00bfEs obligatorio participar en el vuelo?, \u00bfY si le da miedo?<\/a>\n\t\t\t\t\t<\/div>\n\t\t\t\t\t<div id=\"elementor-tab-content-1128\" class=\"elementor-tab-content elementor-clearfix\" data-tab=\"8\" role=\"region\" aria-labelledby=\"elementor-tab-title-1128\"><p>Participar en <strong>el vuelo es opcional. <\/strong><\/p><p>Entendemos que algunos participantes pueden sentirse nerviosos ante la idea de volar. Para ellos, ofrecemos una experiencia en tierra, donde pueden explorar la aeronave y experimentar la sensaci\u00f3n de estar en la cabina junto al piloto dentro de la aeronave en movimiento, sin la necesidad de despegar.<\/p><p>Esta alternativa permite a todos los participantes disfrutar de una experiencia inolvidable, respetando sus l\u00edmites y fomentando un ambiente de aprendizaje seguro y positivo.<\/p><\/div>\n\t\t\t\t<\/div>\n\t\t\t\t\t\t\t<div class=\"elementor-accordion-item\">\n\t\t\t\t\t<div id=\"elementor-tab-title-1129\" class=\"elementor-tab-title\" data-tab=\"9\" role=\"button\" aria-controls=\"elementor-tab-content-1129\" aria-expanded=\"false\">\n\t\t\t\t\t\t\t\t\t\t\t\t\t<span class=\"elementor-accordion-icon elementor-accordion-icon-left\" aria-hidden=\"true\">\n\t\t\t\t\t\t\t\t\t\t\t\t\t\t\t<span class=\"elementor-accordion-icon-closed\"><svg class=\"e-font-icon-svg e-fas-plus\" viewBox=\"0 0 448 512\" xmlns=\"http:\/\/www.w3.org\/2000\/svg\"><path d=\"M416 208H272V64c0-17.67-14.33-32-32-32h-32c-17.67 0-32 14.33-32 32v144H32c-17.67 0-32 14.33-32 32v32c0 17.67 14.33 32 32 32h144v144c0 17.67 14.33 32 32 32h32c17.67 0 32-14.33 32-32V304h144c17.67 0 32-14.33 32-32v-32c0-17.67-14.33-32-32-32z\"><\/path><\/svg><\/span>\n\t\t\t\t\t\t\t\t<span class=\"elementor-accordion-icon-opened\"><svg class=\"e-font-icon-svg e-fas-minus\" viewBox=\"0 0 448 512\" xmlns=\"http:\/\/www.w3.org\/2000\/svg\"><path d=\"M416 208H32c-17.67 0-32 14.33-32 32v32c0 17.67 14.33 32 32 32h384c17.67 0 32-14.33 32-32v-32c0-17.67-14.33-32-32-32z\"><\/path><\/svg><\/span>\n\t\t\t\t\t\t\t\t\t\t\t\t\t\t<\/span>\n\t\t\t\t\t\t\t\t\t\t\t\t<a class=\"elementor-accordion-title\" tabindex=\"0\">\u00bfEs posible que el participante vuele si no se completa la autorizaci\u00f3n con certificado o notarial, o si falta la firma de uno de los tutores?<\/a>\n\t\t\t\t\t<\/div>\n\t\t\t\t\t<div id=\"elementor-tab-content-1129\" class=\"elementor-tab-content elementor-clearfix\" data-tab=\"9\" role=\"region\" aria-labelledby=\"elementor-tab-title-1129\"><p>Para participar en la actividad de vuelo, la legislaci\u00f3n espa\u00f1ola requiere el consentimiento de los tutores legales y la legitimaci\u00f3n de sus firmas con certificado digital o firmado ante notario.<\/p><p>Si falta este consentimiento de alguno de los tutores, <strong>el menor no podr\u00e1 volar.<\/strong> Sin embargo, se ofrece una alternativa similar a la proporcionada en condiciones clim\u00e1ticas adversas.<\/p><p>En situaciones especiales, se anima a los tutores a contactar con nosotros para buscar soluciones.<\/p><\/div>\n\t\t\t\t<\/div>\n\t\t\t\t\t\t\t<div class=\"elementor-accordion-item\">\n\t\t\t\t\t<div id=\"elementor-tab-title-11210\" class=\"elementor-tab-title\" data-tab=\"10\" role=\"button\" aria-controls=\"elementor-tab-content-11210\" aria-expanded=\"false\">\n\t\t\t\t\t\t\t\t\t\t\t\t\t<span class=\"elementor-accordion-icon elementor-accordion-icon-left\" aria-hidden=\"true\">\n\t\t\t\t\t\t\t\t\t\t\t\t\t\t\t<span class=\"elementor-accordion-icon-closed\"><svg class=\"e-font-icon-svg e-fas-plus\" viewBox=\"0 0 448 512\" xmlns=\"http:\/\/www.w3.org\/2000\/svg\"><path d=\"M416 208H272V64c0-17.67-14.33-32-32-32h-32c-17.67 0-32 14.33-32 32v144H32c-17.67 0-32 14.33-32 32v32c0 17.67 14.33 32 32 32h144v144c0 17.67 14.33 32 32 32h32c17.67 0 32-14.33 32-32V304h144c17.67 0 32-14.33 32-32v-32c0-17.67-14.33-32-32-32z\"><\/path><\/svg><\/span>\n\t\t\t\t\t\t\t\t<span class=\"elementor-accordion-icon-opened\"><svg class=\"e-font-icon-svg e-fas-minus\" viewBox=\"0 0 448 512\" xmlns=\"http:\/\/www.w3.org\/2000\/svg\"><path d=\"M416 208H32c-17.67 0-32 14.33-32 32v32c0 17.67 14.33 32 32 32h384c17.67 0 32-14.33 32-32v-32c0-17.67-14.33-32-32-32z\"><\/path><\/svg><\/span>\n\t\t\t\t\t\t\t\t\t\t\t\t\t\t<\/span>\n\t\t\t\t\t\t\t\t\t\t\t\t<a class=\"elementor-accordion-title\" tabindex=\"0\">\u00bfQu\u00e9 tengo que hacer para legitimar las firmas o  hacer la autorizaci\u00f3n ante notario?<\/a>\n\t\t\t\t\t<\/div>\n\t\t\t\t\t<div id=\"elementor-tab-content-11210\" class=\"elementor-tab-content elementor-clearfix\" data-tab=\"10\" role=\"region\" aria-labelledby=\"elementor-tab-title-11210\"><p>Cuando te inscribes a Space Camp Val\u00e8ncia te enviaremos las instrucciones de c\u00f3mo proceder con este tr\u00e1mite.<\/p>\n<p>En general ser\u00e1 un proceso online, mediante el uso de Certificado Digital y el programa Autofirma.<\/p>\n<p>En los casos en los que no sea posible obtener un certificado digital, como excepci\u00f3n, podr\u00e9is ir a nuestro notario que conoce el documento y el procedimiento. En ese caso simplemente indicad en la&nbsp; recepci\u00f3n de la notaria que quieres <strong>legitimar las firmas para la autorizaci\u00f3n del Space Camp<\/strong>. Es un documento que se debe firmar en personas, por lo que si os lo enviamos, pod\u00e9is cumplimentarlo, pero <span style=\"text-decoration: underline;\">NO firmarlos hasta estar con el notario<\/span>.<\/p>\n<p>No es necesario pedir cita previa y pagar costes adicionales. Los gatos de notar\u00eda est\u00e1n incluidos en el precio de la matricula si acudes a nuestro notario.<\/p>\n<p>En caso de que los tutores legales no puedan acudir a la notaria al mismo tiempo para realizar la firma, pueden hacerlo en d\u00edas diferentes dejando el documento en posesi\u00f3n del notario.<\/p>\n<p><strong>Notaria: Notar\u00eda Arag\u00f3n 29, <\/strong>ubicada en la Avenida Arag\u00f3n 29 (esquina con el estadio del Mestalla). Telf: 96 351 14 48.&nbsp;<\/p>\n<p>Una vez firmado el documento ante notario, la notar\u00eda se quedar\u00e1 dicho documento y nos lo har\u00e1 llegar directamente.<\/p>\n<p>Si no puedes ir a nuestra notar\u00eda, puedes acudir a cualquier otra llevando el documento impreso y solicitando una legitimizaci\u00f3n de firmas. En este caso, no nos haremos cargo de los costes asociados que conlleve dicha legitimaci\u00f3n y tendr\u00e1s que traer el documento sellado por el notario.<\/p><\/div>\n\t\t\t\t<\/div>\n\t\t\t\t\t\t\t<div class=\"elementor-accordion-item\">\n\t\t\t\t\t<div id=\"elementor-tab-title-11211\" class=\"elementor-tab-title\" data-tab=\"11\" role=\"button\" aria-controls=\"elementor-tab-content-11211\" aria-expanded=\"false\">\n\t\t\t\t\t\t\t\t\t\t\t\t\t<span class=\"elementor-accordion-icon elementor-accordion-icon-left\" aria-hidden=\"true\">\n\t\t\t\t\t\t\t\t\t\t\t\t\t\t\t<span class=\"elementor-accordion-icon-closed\"><svg class=\"e-font-icon-svg e-fas-plus\" viewBox=\"0 0 448 512\" xmlns=\"http:\/\/www.w3.org\/2000\/svg\"><path d=\"M416 208H272V64c0-17.67-14.33-32-32-32h-32c-17.67 0-32 14.33-32 32v144H32c-17.67 0-32 14.33-32 32v32c0 17.67 14.33 32 32 32h144v144c0 17.67 14.33 32 32 32h32c17.67 0 32-14.33 32-32V304h144c17.67 0 32-14.33 32-32v-32c0-17.67-14.33-32-32-32z\"><\/path><\/svg><\/span>\n\t\t\t\t\t\t\t\t<span class=\"elementor-accordion-icon-opened\"><svg class=\"e-font-icon-svg e-fas-minus\" viewBox=\"0 0 448 512\" xmlns=\"http:\/\/www.w3.org\/2000\/svg\"><path d=\"M416 208H32c-17.67 0-32 14.33-32 32v32c0 17.67 14.33 32 32 32h384c17.67 0 32-14.33 32-32v-32c0-17.67-14.33-32-32-32z\"><\/path><\/svg><\/span>\n\t\t\t\t\t\t\t\t\t\t\t\t\t\t<\/span>\n\t\t\t\t\t\t\t\t\t\t\t\t<a class=\"elementor-accordion-title\" tabindex=\"0\">\u00bfEn qu\u00e9 consiste el d\u00eda de la gravedad cero?<\/a>\n\t\t\t\t\t<\/div>\n\t\t\t\t\t<div id=\"elementor-tab-content-11211\" class=\"elementor-tab-content elementor-clearfix\" data-tab=\"11\" role=\"region\" aria-labelledby=\"elementor-tab-title-11211\"><p>El d\u00eda de gravedad cero en el Space Camp es una aventura emocionante donde los participantes experimentan la sensaci\u00f3n de <strong>trabajar en un entorno sin gravedad<\/strong>.<\/p><p>El d\u00eda arranca con una clase magistral presentada por buzos profesionales sobre c\u00f3mo trabajar bajo el agua, sin gravedad, simulando las condiciones del espacio donde no hay ni gravedad ni oxigeno. Se explican las medidas de seguridad y el uso del equipo necesario para poder respirar bajo el agua y mantener la flotabilidad neutra.<\/p><p>Luego, los participantes se trasladan a las instalaciones de la piscina en mini-bus donde ser\u00e1n divididos en parejas. Cada pareja, junto al equipo de buzos, realizan tareas de ensamblaje subacu\u00e1ticas, recreando los desaf\u00edos que enfrentan los astronautas en el espacio.<\/p><p>Esta experiencia no solo es educativa, sino tambi\u00e9n emocionante, al ofrecer una visi\u00f3n pr\u00e1ctica del trabajo en microgravedad.<\/p><p>Para realizar la experiencia este d\u00eda es necesario llevar traje de ba\u00f1o, chancletas, toalla, crema de sol, gorro, gafas de sol y una camiseta t\u00e9cnica de licra. Si el participante tiene gafas de bucear que cubran ojos y nariz, es recomendable que las traiga.<\/p><\/div>\n\t\t\t\t<\/div>\n\t\t\t\t\t\t\t<div class=\"elementor-accordion-item\">\n\t\t\t\t\t<div id=\"elementor-tab-title-11212\" class=\"elementor-tab-title\" data-tab=\"12\" role=\"button\" aria-controls=\"elementor-tab-content-11212\" aria-expanded=\"false\">\n\t\t\t\t\t\t\t\t\t\t\t\t\t<span class=\"elementor-accordion-icon elementor-accordion-icon-left\" aria-hidden=\"true\">\n\t\t\t\t\t\t\t\t\t\t\t\t\t\t\t<span class=\"elementor-accordion-icon-closed\"><svg class=\"e-font-icon-svg e-fas-plus\" viewBox=\"0 0 448 512\" xmlns=\"http:\/\/www.w3.org\/2000\/svg\"><path d=\"M416 208H272V64c0-17.67-14.33-32-32-32h-32c-17.67 0-32 14.33-32 32v144H32c-17.67 0-32 14.33-32 32v32c0 17.67 14.33 32 32 32h144v144c0 17.67 14.33 32 32 32h32c17.67 0 32-14.33 32-32V304h144c17.67 0 32-14.33 32-32v-32c0-17.67-14.33-32-32-32z\"><\/path><\/svg><\/span>\n\t\t\t\t\t\t\t\t<span class=\"elementor-accordion-icon-opened\"><svg class=\"e-font-icon-svg e-fas-minus\" viewBox=\"0 0 448 512\" xmlns=\"http:\/\/www.w3.org\/2000\/svg\"><path d=\"M416 208H32c-17.67 0-32 14.33-32 32v32c0 17.67 14.33 32 32 32h384c17.67 0 32-14.33 32-32v-32c0-17.67-14.33-32-32-32z\"><\/path><\/svg><\/span>\n\t\t\t\t\t\t\t\t\t\t\t\t\t\t<\/span>\n\t\t\t\t\t\t\t\t\t\t\t\t<a class=\"elementor-accordion-title\" tabindex=\"0\">\u00bfEs necesario saber nadar para venir al Space Camp?<\/a>\n\t\t\t\t\t<\/div>\n\t\t\t\t\t<div id=\"elementor-tab-content-11212\" class=\"elementor-tab-content elementor-clearfix\" data-tab=\"12\" role=\"region\" aria-labelledby=\"elementor-tab-title-11212\"><div class=\"vc_toggle vc_toggle_text_only vc_toggle_color_default vc_toggle_size_md vc_toggle_active\"><div class=\"vc_toggle_content\"><p>S\u00ed. Una de las experiencias es la gravedad cero que hacemos en una piscina con buzos profesionales. Es necesario saber nadar para realizar esta actividad.<\/p><\/div><\/div><div class=\"vc_toggle vc_toggle_text_only vc_toggle_color_default vc_toggle_size_md vc_toggle_active\"><div class=\"vc_toggle_content\">\u00a0<\/div><\/div><\/div>\n\t\t\t\t<\/div>\n\t\t\t\t\t\t\t<div class=\"elementor-accordion-item\">\n\t\t\t\t\t<div id=\"elementor-tab-title-11213\" class=\"elementor-tab-title\" data-tab=\"13\" role=\"button\" aria-controls=\"elementor-tab-content-11213\" aria-expanded=\"false\">\n\t\t\t\t\t\t\t\t\t\t\t\t\t<span class=\"elementor-accordion-icon elementor-accordion-icon-left\" aria-hidden=\"true\">\n\t\t\t\t\t\t\t\t\t\t\t\t\t\t\t<span class=\"elementor-accordion-icon-closed\"><svg class=\"e-font-icon-svg e-fas-plus\" viewBox=\"0 0 448 512\" xmlns=\"http:\/\/www.w3.org\/2000\/svg\"><path d=\"M416 208H272V64c0-17.67-14.33-32-32-32h-32c-17.67 0-32 14.33-32 32v144H32c-17.67 0-32 14.33-32 32v32c0 17.67 14.33 32 32 32h144v144c0 17.67 14.33 32 32 32h32c17.67 0 32-14.33 32-32V304h144c17.67 0 32-14.33 32-32v-32c0-17.67-14.33-32-32-32z\"><\/path><\/svg><\/span>\n\t\t\t\t\t\t\t\t<span class=\"elementor-accordion-icon-opened\"><svg class=\"e-font-icon-svg e-fas-minus\" viewBox=\"0 0 448 512\" xmlns=\"http:\/\/www.w3.org\/2000\/svg\"><path d=\"M416 208H32c-17.67 0-32 14.33-32 32v32c0 17.67 14.33 32 32 32h384c17.67 0 32-14.33 32-32v-32c0-17.67-14.33-32-32-32z\"><\/path><\/svg><\/span>\n\t\t\t\t\t\t\t\t\t\t\t\t\t\t<\/span>\n\t\t\t\t\t\t\t\t\t\t\t\t<a class=\"elementor-accordion-title\" tabindex=\"0\">\u00bfEn qu\u00e9 consiste el d\u00eda de exploraci\u00f3n de la superficie de Marte con Rovers?<\/a>\n\t\t\t\t\t<\/div>\n\t\t\t\t\t<div id=\"elementor-tab-content-11213\" class=\"elementor-tab-content elementor-clearfix\" data-tab=\"13\" role=\"region\" aria-labelledby=\"elementor-tab-title-11213\"><div class=\"vc_toggle vc_toggle_text_only vc_toggle_color_default vc_toggle_size_md vc_toggle_active\"><div class=\"vc_toggle_content\"><p>El d\u00eda dedicado a la exploraci\u00f3n de la superficie de Marte con Rovers en el Space Camp es una inmersi\u00f3n profunda en la ingenier\u00eda mec\u00e1nica y la rob\u00f3tica.<\/p><p>Los participantes se embarcan en el desaf\u00edo de dise\u00f1ar, construir y programar sus propios Rovers.<\/p><p>Esta actividad no solo pone a prueba su creatividad y habilidades t\u00e9cnicas, sino que tambi\u00e9n les ense\u00f1a sobre la importancia de la exploraci\u00f3n espacial y la b\u00fasqueda de recursos como el agua en Marte.<\/p><p>Este d\u00eda combina teor\u00eda y pr\u00e1ctica, proporcionando una experiencia educativa \u00fanica que simula los desaf\u00edos reales que enfrentan los ingenieros y cient\u00edficos en la exploraci\u00f3n del espacio.<\/p><\/div><\/div><div class=\"vc_toggle vc_toggle_text_only vc_toggle_color_default vc_toggle_size_md vc_toggle_active\"><div class=\"vc_toggle_content\">\u00a0<\/div><\/div><\/div>\n\t\t\t\t<\/div>\n\t\t\t\t\t\t\t<div class=\"elementor-accordion-item\">\n\t\t\t\t\t<div id=\"elementor-tab-title-11214\" class=\"elementor-tab-title\" data-tab=\"14\" role=\"button\" aria-controls=\"elementor-tab-content-11214\" aria-expanded=\"false\">\n\t\t\t\t\t\t\t\t\t\t\t\t\t<span class=\"elementor-accordion-icon elementor-accordion-icon-left\" aria-hidden=\"true\">\n\t\t\t\t\t\t\t\t\t\t\t\t\t\t\t<span class=\"elementor-accordion-icon-closed\"><svg class=\"e-font-icon-svg e-fas-plus\" viewBox=\"0 0 448 512\" xmlns=\"http:\/\/www.w3.org\/2000\/svg\"><path d=\"M416 208H272V64c0-17.67-14.33-32-32-32h-32c-17.67 0-32 14.33-32 32v144H32c-17.67 0-32 14.33-32 32v32c0 17.67 14.33 32 32 32h144v144c0 17.67 14.33 32 32 32h32c17.67 0 32-14.33 32-32V304h144c17.67 0 32-14.33 32-32v-32c0-17.67-14.33-32-32-32z\"><\/path><\/svg><\/span>\n\t\t\t\t\t\t\t\t<span class=\"elementor-accordion-icon-opened\"><svg class=\"e-font-icon-svg e-fas-minus\" viewBox=\"0 0 448 512\" xmlns=\"http:\/\/www.w3.org\/2000\/svg\"><path d=\"M416 208H32c-17.67 0-32 14.33-32 32v32c0 17.67 14.33 32 32 32h384c17.67 0 32-14.33 32-32v-32c0-17.67-14.33-32-32-32z\"><\/path><\/svg><\/span>\n\t\t\t\t\t\t\t\t\t\t\t\t\t\t<\/span>\n\t\t\t\t\t\t\t\t\t\t\t\t<a class=\"elementor-accordion-title\" tabindex=\"0\">\u00bfEn qu\u00e9 consiste el d\u00eda de Operaciones en la Estaci\u00f3n Espacial Internacional con Realidad Virtual?<\/a>\n\t\t\t\t\t<\/div>\n\t\t\t\t\t<div id=\"elementor-tab-content-11214\" class=\"elementor-tab-content elementor-clearfix\" data-tab=\"14\" role=\"region\" aria-labelledby=\"elementor-tab-title-11214\"><div class=\"vc_toggle vc_toggle_text_only vc_toggle_color_default vc_toggle_size_md vc_toggle_active\"><div class=\"vc_toggle_content\"><p>El d\u00eda de Operaciones en la Estaci\u00f3n Espacial Internacional (ISS) mediante realidad virtual sumerge a los participantes en la vida y el trabajo de los astronautas en el espacio.<\/p><p>Utilizando tecnolog\u00eda de realidad virtual, los j\u00f3venes astronautas pueden visitar virtualmente la ISS, realizar un paseo espacial, y experimentar el lanzamiento de la nave Soyuz, su acople a la estaci\u00f3n, y las tareas diarias de la ISS.<\/p><p>Esta experiencia est\u00e1 dise\u00f1ada para ense\u00f1ar sobre la vida en el espacio, el funcionamiento de la ISS, y la importancia del trabajo en equipo y la comunicaci\u00f3n con la base de control en la Tierra, todo dentro de un entorno seguro y controlado que simula de manera realista el espacio exterior.<\/p><\/div><\/div><div class=\"vc_toggle vc_toggle_text_only vc_toggle_color_default vc_toggle_size_md vc_toggle_active\"><div class=\"vc_toggle_content\">\u00a0<\/div><\/div><\/div>\n\t\t\t\t<\/div>\n\t\t\t\t\t\t\t<div class=\"elementor-accordion-item\">\n\t\t\t\t\t<div id=\"elementor-tab-title-11215\" class=\"elementor-tab-title\" data-tab=\"15\" role=\"button\" aria-controls=\"elementor-tab-content-11215\" aria-expanded=\"false\">\n\t\t\t\t\t\t\t\t\t\t\t\t\t<span class=\"elementor-accordion-icon elementor-accordion-icon-left\" aria-hidden=\"true\">\n\t\t\t\t\t\t\t\t\t\t\t\t\t\t\t<span class=\"elementor-accordion-icon-closed\"><svg class=\"e-font-icon-svg e-fas-plus\" viewBox=\"0 0 448 512\" xmlns=\"http:\/\/www.w3.org\/2000\/svg\"><path d=\"M416 208H272V64c0-17.67-14.33-32-32-32h-32c-17.67 0-32 14.33-32 32v144H32c-17.67 0-32 14.33-32 32v32c0 17.67 14.33 32 32 32h144v144c0 17.67 14.33 32 32 32h32c17.67 0 32-14.33 32-32V304h144c17.67 0 32-14.33 32-32v-32c0-17.67-14.33-32-32-32z\"><\/path><\/svg><\/span>\n\t\t\t\t\t\t\t\t<span class=\"elementor-accordion-icon-opened\"><svg class=\"e-font-icon-svg e-fas-minus\" viewBox=\"0 0 448 512\" xmlns=\"http:\/\/www.w3.org\/2000\/svg\"><path d=\"M416 208H32c-17.67 0-32 14.33-32 32v32c0 17.67 14.33 32 32 32h384c17.67 0 32-14.33 32-32v-32c0-17.67-14.33-32-32-32z\"><\/path><\/svg><\/span>\n\t\t\t\t\t\t\t\t\t\t\t\t\t\t<\/span>\n\t\t\t\t\t\t\t\t\t\t\t\t<a class=\"elementor-accordion-title\" tabindex=\"0\">\u00bfEn qu\u00e9 consiste el d\u00eda investigaci\u00f3n de la vida fuera del planeta mediante experimentos de biolog\u00eda y qu\u00edmica?<\/a>\n\t\t\t\t\t<\/div>\n\t\t\t\t\t<div id=\"elementor-tab-content-11215\" class=\"elementor-tab-content elementor-clearfix\" data-tab=\"15\" role=\"region\" aria-labelledby=\"elementor-tab-title-11215\"><div class=\"vc_toggle vc_toggle_text_only vc_toggle_color_default vc_toggle_size_md vc_toggle_active\"><div class=\"vc_toggle_content\"><p>El d\u00eda dedicado a la investigaci\u00f3n de la vida fuera del planeta es una jornada fascinante de experimentaci\u00f3n.<\/p><p>Mediante experimentos pr\u00e1cticos de biolog\u00eda y qu\u00edmica, exploran las bases de la vida y teorizan sobre su posible existencia m\u00e1s all\u00e1 de la Tierra, aprendiendo d\u00f3nde y c\u00f3mo buscar se\u00f1ales de vida en el cosmos.<\/p><\/div><\/div><div class=\"vc_toggle vc_toggle_text_only vc_toggle_color_default vc_toggle_size_md vc_toggle_active\"><div class=\"vc_toggle_content\">\u00a0<\/div><\/div><\/div>\n\t\t\t\t<\/div>\n\t\t\t\t\t\t\t<div class=\"elementor-accordion-item\">\n\t\t\t\t\t<div id=\"elementor-tab-title-11216\" class=\"elementor-tab-title\" data-tab=\"16\" role=\"button\" aria-controls=\"elementor-tab-content-11216\" aria-expanded=\"false\">\n\t\t\t\t\t\t\t\t\t\t\t\t\t<span class=\"elementor-accordion-icon elementor-accordion-icon-left\" aria-hidden=\"true\">\n\t\t\t\t\t\t\t\t\t\t\t\t\t\t\t<span class=\"elementor-accordion-icon-closed\"><svg class=\"e-font-icon-svg e-fas-plus\" viewBox=\"0 0 448 512\" xmlns=\"http:\/\/www.w3.org\/2000\/svg\"><path d=\"M416 208H272V64c0-17.67-14.33-32-32-32h-32c-17.67 0-32 14.33-32 32v144H32c-17.67 0-32 14.33-32 32v32c0 17.67 14.33 32 32 32h144v144c0 17.67 14.33 32 32 32h32c17.67 0 32-14.33 32-32V304h144c17.67 0 32-14.33 32-32v-32c0-17.67-14.33-32-32-32z\"><\/path><\/svg><\/span>\n\t\t\t\t\t\t\t\t<span class=\"elementor-accordion-icon-opened\"><svg class=\"e-font-icon-svg e-fas-minus\" viewBox=\"0 0 448 512\" xmlns=\"http:\/\/www.w3.org\/2000\/svg\"><path d=\"M416 208H32c-17.67 0-32 14.33-32 32v32c0 17.67 14.33 32 32 32h384c17.67 0 32-14.33 32-32v-32c0-17.67-14.33-32-32-32z\"><\/path><\/svg><\/span>\n\t\t\t\t\t\t\t\t\t\t\t\t\t\t<\/span>\n\t\t\t\t\t\t\t\t\t\t\t\t<a class=\"elementor-accordion-title\" tabindex=\"0\">\u00bfEn qu\u00e9 consiste el d\u00eda de Exploraci\u00f3n del cosmos?<\/a>\n\t\t\t\t\t<\/div>\n\t\t\t\t\t<div id=\"elementor-tab-content-11216\" class=\"elementor-tab-content elementor-clearfix\" data-tab=\"16\" role=\"region\" aria-labelledby=\"elementor-tab-title-11216\"><div class=\"vc_toggle vc_toggle_text_only vc_toggle_color_default vc_toggle_size_md vc_toggle_active\"><div class=\"vc_toggle_content\"><p data-start=\"94\" data-end=\"197\"><strong data-start=\"94\" data-end=\"141\">El d\u00eda dedicado a la exploraci\u00f3n del cosmos<\/strong> estar\u00e1 centrado en descubrir los secretos del universo.<\/p><p data-start=\"199\" data-end=\"450\">Acompa\u00f1ados por astr\u00f3nomos expertos, los participantes se adentrar\u00e1n en el estudio del cielo, aprender\u00e1n a reconocer constelaciones y desentra\u00f1ar los misterios de la V\u00eda L\u00e1ctea, a trav\u00e9s de experiencias y herramientas astron\u00f3micas adaptadas a su edad.<\/p><\/div><\/div><\/div>\n\t\t\t\t<\/div>\n\t\t\t\t\t\t\t<div class=\"elementor-accordion-item\">\n\t\t\t\t\t<div id=\"elementor-tab-title-11217\" class=\"elementor-tab-title\" data-tab=\"17\" role=\"button\" aria-controls=\"elementor-tab-content-11217\" aria-expanded=\"false\">\n\t\t\t\t\t\t\t\t\t\t\t\t\t<span class=\"elementor-accordion-icon elementor-accordion-icon-left\" aria-hidden=\"true\">\n\t\t\t\t\t\t\t\t\t\t\t\t\t\t\t<span class=\"elementor-accordion-icon-closed\"><svg class=\"e-font-icon-svg e-fas-plus\" viewBox=\"0 0 448 512\" xmlns=\"http:\/\/www.w3.org\/2000\/svg\"><path d=\"M416 208H272V64c0-17.67-14.33-32-32-32h-32c-17.67 0-32 14.33-32 32v144H32c-17.67 0-32 14.33-32 32v32c0 17.67 14.33 32 32 32h144v144c0 17.67 14.33 32 32 32h32c17.67 0 32-14.33 32-32V304h144c17.67 0 32-14.33 32-32v-32c0-17.67-14.33-32-32-32z\"><\/path><\/svg><\/span>\n\t\t\t\t\t\t\t\t<span class=\"elementor-accordion-icon-opened\"><svg class=\"e-font-icon-svg e-fas-minus\" viewBox=\"0 0 448 512\" xmlns=\"http:\/\/www.w3.org\/2000\/svg\"><path d=\"M416 208H32c-17.67 0-32 14.33-32 32v32c0 17.67 14.33 32 32 32h384c17.67 0 32-14.33 32-32v-32c0-17.67-14.33-32-32-32z\"><\/path><\/svg><\/span>\n\t\t\t\t\t\t\t\t\t\t\t\t\t\t<\/span>\n\t\t\t\t\t\t\t\t\t\t\t\t<a class=\"elementor-accordion-title\" tabindex=\"0\">\u00bfCu\u00e1ntos alumnos hay por grupo?<\/a>\n\t\t\t\t\t<\/div>\n\t\t\t\t\t<div id=\"elementor-tab-content-11217\" class=\"elementor-tab-content elementor-clearfix\" data-tab=\"17\" role=\"region\" aria-labelledby=\"elementor-tab-title-11217\"><div class=\"vc_toggle vc_toggle_text_only vc_toggle_color_default vc_toggle_size_md vc_toggle_active\"><div class=\"vc_toggle_content\"><p>El n\u00famero m\u00e1ximo de participantes por grupo es de <strong>14 alumnos<\/strong> distribuidos en grupos de su misma edad para garantizar que la experiencia es la id\u00f3nea para todos.<\/p><\/div><\/div><div class=\"vc_toggle vc_toggle_text_only vc_toggle_color_default vc_toggle_size_md vc_toggle_active\"><div class=\"vc_toggle_content\">\u00a0<\/div><\/div><\/div>\n\t\t\t\t<\/div>\n\t\t\t\t\t\t\t<div class=\"elementor-accordion-item\">\n\t\t\t\t\t<div id=\"elementor-tab-title-11218\" class=\"elementor-tab-title\" data-tab=\"18\" role=\"button\" aria-controls=\"elementor-tab-content-11218\" aria-expanded=\"false\">\n\t\t\t\t\t\t\t\t\t\t\t\t\t<span class=\"elementor-accordion-icon elementor-accordion-icon-left\" aria-hidden=\"true\">\n\t\t\t\t\t\t\t\t\t\t\t\t\t\t\t<span class=\"elementor-accordion-icon-closed\"><svg class=\"e-font-icon-svg e-fas-plus\" viewBox=\"0 0 448 512\" xmlns=\"http:\/\/www.w3.org\/2000\/svg\"><path d=\"M416 208H272V64c0-17.67-14.33-32-32-32h-32c-17.67 0-32 14.33-32 32v144H32c-17.67 0-32 14.33-32 32v32c0 17.67 14.33 32 32 32h144v144c0 17.67 14.33 32 32 32h32c17.67 0 32-14.33 32-32V304h144c17.67 0 32-14.33 32-32v-32c0-17.67-14.33-32-32-32z\"><\/path><\/svg><\/span>\n\t\t\t\t\t\t\t\t<span class=\"elementor-accordion-icon-opened\"><svg class=\"e-font-icon-svg e-fas-minus\" viewBox=\"0 0 448 512\" xmlns=\"http:\/\/www.w3.org\/2000\/svg\"><path d=\"M416 208H32c-17.67 0-32 14.33-32 32v32c0 17.67 14.33 32 32 32h384c17.67 0 32-14.33 32-32v-32c0-17.67-14.33-32-32-32z\"><\/path><\/svg><\/span>\n\t\t\t\t\t\t\t\t\t\t\t\t\t\t<\/span>\n\t\t\t\t\t\t\t\t\t\t\t\t<a class=\"elementor-accordion-title\" tabindex=\"0\">\u00bfSe puede llevar m\u00f3vil\/tablet al Space Camp?<\/a>\n\t\t\t\t\t<\/div>\n\t\t\t\t\t<div id=\"elementor-tab-content-11218\" class=\"elementor-tab-content elementor-clearfix\" data-tab=\"18\" role=\"region\" aria-labelledby=\"elementor-tab-title-11218\"><p>Por supuesto, los participantes pueden traer sus dispositivos m\u00f3viles o tablets a Space Camp.<\/p><p>Valoramos la importancia de aprender a utilizar estos dispositivos de manera responsable. Mientras est\u00e9n con nosotros, los participantes tendr\u00e1n la oportunidad de incorporar sus dispositivos en el aprendizaje y la exploraci\u00f3n, siempre bajo su propia responsabilidad y tras la aprobaci\u00f3n de los profesores.<\/p><p>Es importante recordar que el Space Camp no se responsabiliza por p\u00e9rdidas o da\u00f1os que puedan ocurrir durante la estancia en el campamento.<\/p><\/div>\n\t\t\t\t<\/div>\n\t\t\t\t\t\t\t<div class=\"elementor-accordion-item\">\n\t\t\t\t\t<div id=\"elementor-tab-title-11219\" class=\"elementor-tab-title\" data-tab=\"19\" role=\"button\" aria-controls=\"elementor-tab-content-11219\" aria-expanded=\"false\">\n\t\t\t\t\t\t\t\t\t\t\t\t\t<span class=\"elementor-accordion-icon elementor-accordion-icon-left\" aria-hidden=\"true\">\n\t\t\t\t\t\t\t\t\t\t\t\t\t\t\t<span class=\"elementor-accordion-icon-closed\"><svg class=\"e-font-icon-svg e-fas-plus\" viewBox=\"0 0 448 512\" xmlns=\"http:\/\/www.w3.org\/2000\/svg\"><path d=\"M416 208H272V64c0-17.67-14.33-32-32-32h-32c-17.67 0-32 14.33-32 32v144H32c-17.67 0-32 14.33-32 32v32c0 17.67 14.33 32 32 32h144v144c0 17.67 14.33 32 32 32h32c17.67 0 32-14.33 32-32V304h144c17.67 0 32-14.33 32-32v-32c0-17.67-14.33-32-32-32z\"><\/path><\/svg><\/span>\n\t\t\t\t\t\t\t\t<span class=\"elementor-accordion-icon-opened\"><svg class=\"e-font-icon-svg e-fas-minus\" viewBox=\"0 0 448 512\" xmlns=\"http:\/\/www.w3.org\/2000\/svg\"><path d=\"M416 208H32c-17.67 0-32 14.33-32 32v32c0 17.67 14.33 32 32 32h384c17.67 0 32-14.33 32-32v-32c0-17.67-14.33-32-32-32z\"><\/path><\/svg><\/span>\n\t\t\t\t\t\t\t\t\t\t\t\t\t\t<\/span>\n\t\t\t\t\t\t\t\t\t\t\t\t<a class=\"elementor-accordion-title\" tabindex=\"0\">\u00bfEs posible cancelar la matricula en el Space Camp y obtener un reembolso?<\/a>\n\t\t\t\t\t<\/div>\n\t\t\t\t\t<div id=\"elementor-tab-content-11219\" class=\"elementor-tab-content elementor-clearfix\" data-tab=\"19\" role=\"region\" aria-labelledby=\"elementor-tab-title-11219\"><div class=\"flex-1 overflow-hidden\"><div class=\"react-scroll-to-bottom--css-oecni-79elbk h-full\"><div class=\"react-scroll-to-bottom--css-oecni-1n7m0yu\"><div class=\"flex flex-col text-sm pb-9\"><div class=\"w-full text-token-text-primary\" data-testid=\"conversation-turn-33\"><div class=\"px-4 py-2 justify-center text-base md:gap-6 m-auto\"><div class=\"flex flex-1 text-base mx-auto gap-3 md:px-5 lg:px-1 xl:px-5 md:max-w-3xl lg:max-w-[40rem] xl:max-w-[48rem] group final-completion\"><div class=\"relative flex w-full flex-col agent-turn\"><div class=\"flex-col gap-1 md:gap-3\"><div class=\"flex flex-grow flex-col max-w-full\"><div class=\"min-h-[20px] text-message flex flex-col items-start gap-3 whitespace-pre-wrap break-words [.text-message+&amp;]:mt-5 overflow-x-auto\" data-message-author-role=\"assistant\" data-message-id=\"8a03eb02-3acc-4bd4-9d02-9a6f2f604aae\"><div class=\"markdown prose w-full break-words dark:prose-invert light\"><p>La pol\u00edtica de cancelaci\u00f3n del Space Camp permite cancelar la matr\u00edcula hasta 15 d\u00edas antes de su inicio con un <strong>reembolso completo.<\/strong><\/p><p>Cancelaciones realizadas dentro de los 15 d\u00edas previos al inicio reciben un <strong>50%<\/strong> de devoluci\u00f3n.<\/p><p>No hay reembolsos una vez que el campamento ha comenzado.<\/p><\/div><\/div><\/div><\/div><div class=\"absolute\"><div class=\"flex w-full gap-2 items-center justify-center\"><strong>Cancelaciones en inscripciones realizadas durante promociones<\/strong> Las inscripciones efectuadas aprovechando una promoci\u00f3n especial (por ejemplo, la promoci\u00f3n de Navidad) podr\u00e1n cancelarse, pero el reembolso se realizar\u00e1 por el importe abonado <strong>menos una tarifa fija de 40 \u20ac<\/strong> en concepto de <strong>gesti\u00f3n y aplicaci\u00f3n de la promoci\u00f3n<\/strong>. Esta tarifa se aplica independientemente del motivo de la cancelaci\u00f3n.<\/div><\/div><\/div><\/div><\/div><\/div><\/div><\/div><\/div><\/div><div class=\"w-full pt-2 md:pt-0 dark:border-white\/20 md:border-transparent md:dark:border-transparent md:w-[calc(100%-.5rem)]\"><form class=\"stretch mx-2 flex flex-row gap-3 last:mb-2 md:mx-4 md:last:mb-6 lg:mx-auto lg:max-w-2xl xl:max-w-3xl\"><div class=\"relative flex h-full flex-1 flex-col\"><div class=\"flex w-full items-center\">\u00a0<\/div><\/div><\/form><\/div><\/div>\n\t\t\t\t<\/div>\n\t\t\t\t\t\t\t<div class=\"elementor-accordion-item\">\n\t\t\t\t\t<div id=\"elementor-tab-title-11220\" class=\"elementor-tab-title\" data-tab=\"20\" role=\"button\" aria-controls=\"elementor-tab-content-11220\" aria-expanded=\"false\">\n\t\t\t\t\t\t\t\t\t\t\t\t\t<span class=\"elementor-accordion-icon elementor-accordion-icon-left\" aria-hidden=\"true\">\n\t\t\t\t\t\t\t\t\t\t\t\t\t\t\t<span class=\"elementor-accordion-icon-closed\"><svg class=\"e-font-icon-svg e-fas-plus\" viewBox=\"0 0 448 512\" xmlns=\"http:\/\/www.w3.org\/2000\/svg\"><path d=\"M416 208H272V64c0-17.67-14.33-32-32-32h-32c-17.67 0-32 14.33-32 32v144H32c-17.67 0-32 14.33-32 32v32c0 17.67 14.33 32 32 32h144v144c0 17.67 14.33 32 32 32h32c17.67 0 32-14.33 32-32V304h144c17.67 0 32-14.33 32-32v-32c0-17.67-14.33-32-32-32z\"><\/path><\/svg><\/span>\n\t\t\t\t\t\t\t\t<span class=\"elementor-accordion-icon-opened\"><svg class=\"e-font-icon-svg e-fas-minus\" viewBox=\"0 0 448 512\" xmlns=\"http:\/\/www.w3.org\/2000\/svg\"><path d=\"M416 208H32c-17.67 0-32 14.33-32 32v32c0 17.67 14.33 32 32 32h384c17.67 0 32-14.33 32-32v-32c0-17.67-14.33-32-32-32z\"><\/path><\/svg><\/span>\n\t\t\t\t\t\t\t\t\t\t\t\t\t\t<\/span>\n\t\t\t\t\t\t\t\t\t\t\t\t<a class=\"elementor-accordion-title\" tabindex=\"0\">\u00bfEn qu\u00e9 consiste la Promoci\u00f3n de Navidad?<\/a>\n\t\t\t\t\t<\/div>\n\t\t\t\t\t<div id=\"elementor-tab-content-11220\" class=\"elementor-tab-content elementor-clearfix\" data-tab=\"20\" role=\"region\" aria-labelledby=\"elementor-tab-title-11220\"><p>Para aquellas personas que reserven la expedici\u00f3n durante la campa\u00f1a de Navidad recibir\u00e1n en su casa la camiseta oficial de Space Camp Valencia, el Boarding Pass con el pase a la expedici\u00f3n y el Pasaporte de Space Camp.<\/p><\/div>\n\t\t\t\t<\/div>\n\t\t\t\t\t\t\t\t\t\t<script type=\"application\/ld+json\">{\"@context\":\"https:\\\/\\\/schema.org\",\"@type\":\"FAQPage\",\"mainEntity\":[{\"@type\":\"Question\",\"name\":\"\\u00bfCu\\u00e1ndo se hace el Space Camp?\",\"acceptedAnswer\":{\"@type\":\"Answer\",\"text\":\"<p>Space Camp se lleva a cabo durante <strong>una semana.\\u00a0<\\\/strong>A continuaci\\u00f3n puedes ver las fechas de las pr\\u00f3ximas expediciones.<\\\/p><p>Puedes elegir la semana que m\\u00e1s te convenga:<\\\/p><ul><li><p>Expedici\\u00f3n 36<br \\\/>22\\\/06\\\/2026 \\u2013 26\\\/06\\\/2026<\\\/p><\\\/li><li><p>Expedici\\u00f3n 37<br \\\/>29\\\/06\\\/2026 \\u2013 03\\\/07\\\/2026<\\\/p><\\\/li><li><p>Expedici\\u00f3n 38<br \\\/>06\\\/07\\\/2026 \\u2013 10\\\/07\\\/2026<\\\/p><\\\/li><li><p>Expedici\\u00f3n 39<br \\\/>13\\\/07\\\/2026 \\u2013 17\\\/07\\\/2026<\\\/p><\\\/li><li><p>Expedici\\u00f3n 40<br \\\/>19\\\/07\\\/2026 \\u2013 24\\\/07\\\/2026<\\\/p><\\\/li><\\\/ul><p>Existe la posibilidad de entrar a las 8.00h o salir a las 18.00h pagando un suplemento de 5\\u20ac\\\/ma\\u00f1ana y\\\/o 5\\u20ac\\\/tarde.<\\\/p>\"}},{\"@type\":\"Question\",\"name\":\"\\u00bfD\\u00f3nde se desarrolla el Space Camp?\",\"acceptedAnswer\":{\"@type\":\"Answer\",\"text\":\"<p>En general, Space Camp tiene lugar en<strong>\\u00a0<\\\/strong>las instalaciones de Valencia Innovation Capital en el complejo Las Naves-La Harinera, ubicado en<b> la Calle Joan Verdeguer 16.<\\\/b><\\\/p><p><span style=\\\"font-size: 1rem;\\\">El d\\u00eda de volar aeronaves, saldremos desde Las Naves al aer\\u00f3dromo de Olocau en autob\\u00fas y despu\\u00e9s volveremos de nuevo a Las Naves. De igual manera, el d\\u00eda de la experiencia de gravedad cero saldremos desde Las Naves en autob\\u00fas hacia la piscina, pero ese d\\u00eda acabar\\u00e1 a las 17:00 en la Universitat Polit\\u00e8cnica de Val\\u00e8ncia, Puerta M (no volveremos a las Naves).\\u00a0<\\\/span><\\\/p><p>En caso de que haya m\\u00e1s salidas, s<span style=\\\"font-size: 1rem;\\\">e informar\\u00e1 a los tripulantes del lugar de inicio y fin de cada d\\u00eda para que acudan a la localizaci\\u00f3n adecuada.<\\\/span><\\\/p>\"}},{\"@type\":\"Question\",\"name\":\"\\u00bfEn qu\\u00e9 consiste el Space Camp?\",\"acceptedAnswer\":{\"@type\":\"Answer\",\"text\":\"<p>Space Camp es un campamento de una semana para futuros astronautas, con una actividad diferente cada d\\u00eda. Los d\\u00edas est\\u00e1n estructurados de la siguiente manera:<\\\/p><ul><li>D\\u00eda 1: Vuelo en aeronaves en el aer\\u00f3dromo de Olocau.<\\\/li><li>D\\u00eda 2: Trabajo en gravedad cero en piscinas.<\\\/li><li>D\\u00eda 3: Misiones de exploraci\\u00f3n en Marte con Rovers.<\\\/li><li>D\\u00eda 4: Operaciones en la Estaci\\u00f3n Espacial Internacional y Marte con Realidad Virtual.<\\\/li><li>D\\u00eda 5: Investigaci\\u00f3n sobre la vida fuera del planeta mediante experimentos de biolog\\u00eda y qu\\u00edmica.<\\\/li><\\\/ul><div>\\u00a0<\\\/div><p>Las actividades est\\u00e1n dise\\u00f1adas para ense\\u00f1ar aerodin\\u00e1mica, rob\\u00f3tica, ingenier\\u00eda mec\\u00e1nica, y astronom\\u00eda de manera pr\\u00e1ctica y educativa, adapt\\u00e1ndose a las necesidades del grupo. La organizaci\\u00f3n provee una experiencia inmersiva en ciencia y tecnolog\\u00eda espacial.<\\\/p><p>La planificaci\\u00f3n concreta de cada semana se har\\u00e1 saber a los participantes mediante email una semana antes de su comienzo.<\\\/p>\"}},{\"@type\":\"Question\",\"name\":\"\\u00bfD\\u00f3nde y qu\\u00e9 se come?\",\"acceptedAnswer\":{\"@type\":\"Answer\",\"text\":\"<p>Las comidas se realizan en Las Naves en<b> la Calle Joan Verdeguer 16.<\\\/b><\\\/p><p>Las Naves cuentan con espacios abiertos destinados a los almuerzos y comidas de los participantes cuando realicen actividades en sus instalaciones.<\\\/p><p>La comida consta de <strong>men\\u00fas variados y equilibrados<\\\/strong> que incluyen un primero, un segundo y postre realizado por un catering familiar especializado.<\\\/p><p>Existen men\\u00fas especiales para las personas al\\u00e9rgicas o intolerantes a alg\\u00fan alimento.<\\\/p><p>El d\\u00eda de la salida al aer\\u00f3dromo y el d\\u00eda de la salida a la piscina las comidas ser\\u00e1n para llevar. Se puede llevar snacks o fruta de casa para las salidas.<\\\/p><p>Los almuerzos son s\\u00e1ndwiches variados (dos opciones como m\\u00ednimo para escoger) tanto salados como dulces y zumos.<\\\/p><p>Si quieres, tambi\\u00e9n puedes traerte el almuerzo de casa!<\\\/p>\"}},{\"@type\":\"Question\",\"name\":\"\\u00bfQu\\u00e9 incluye el precio?\",\"acceptedAnswer\":{\"@type\":\"Answer\",\"text\":\"<ul>\\n<li>Todas las comidas y almuerzos.<\\\/li>\\n<li>Todos los materiales y equipos para desarrollar las actividades previstas.<\\\/li>\\n<li>Profesionales acreditados, profesores y monitores.<\\\/li>\\n<li>Todos los desplazamientos para las actividades.<\\\/li>\\n<li>Camiseta del Space Camp.<\\\/li>\\n<li>Seguros de responsabilidad civil y m\\u00e9dico.<\\\/li>\\n<li>Proceso autorizaci\\u00f3n de los tutores para vuelo online*.<\\\/li>\\n<li>Diploma de acreditaci\\u00f3n final.<\\\/li>\\n<\\\/ul>\\n<p>*Como excepci\\u00f3n, en caso de no poder completar el proceso online, se har\\u00e1 en la notar\\u00eda Arag\\u00f3n 29.<\\\/p>\"}},{\"@type\":\"Question\",\"name\":\"\\u00bfEn qu\\u00e9 consiste el d\\u00eda del vuelo en aeronaves?\",\"acceptedAnswer\":{\"@type\":\"Answer\",\"text\":\"<p>El d\\u00eda del vuelo en aeronaves arranca a las 9:00 h con la salida desde Escuela de Ciencia hacia el <span style=\\\"text-decoration: underline;\\\">aer\\u00f3dromo de Olocau. <\\\/span><\\\/p><p>All\\u00ed, un equipo de <strong>pilotos profesionales<\\\/strong> imparte una clase magistral sobre el vuelo en ultraligero, cubriendo desde la aerodin\\u00e1mica hasta el manejo seguro de la aeronave.<\\\/p><p>Posteriormente, los participantes exploran el aer\\u00f3dromo y se familiarizan con los mandos de la cabina del avi\\u00f3n que van a pilotar. Cada uno tiene la oportunidad de actuar como copiloto, despegando y volando por los cielos de Valencia.<\\\/p><p>Si el piloto lo considera apropiado, <strong>el participante podr\\u00e1 tomar los mandos<\\\/strong>, siempre bajo supervisi\\u00f3n experta.<\\\/p><p>Esta jornada est\\u00e1 pensada para ofrecer una experiencia educativa y pr\\u00e1ctica en vuelo, cargada de emoci\\u00f3n y seguridad. El regreso a la escuela est\\u00e1 previsto para las 17:00 h, cerrando un d\\u00eda lleno de aprendizaje y aventura.<\\\/p>\"}},{\"@type\":\"Question\",\"name\":\"\\u00bfQu\\u00e9 sucede si hace mal tiempo el d\\u00eda del vuelo?\",\"acceptedAnswer\":{\"@type\":\"Answer\",\"text\":\"<p>En Space Camp Valencia, <strong>la seguridad es nuestra m\\u00e1xima prioridad.<\\\/strong><\\\/p><p>Aunque no podemos controlar el clima, nos aseguramos de que cada d\\u00eda sea una oportunidad de aprendizaje, incluso si las condiciones meteorol\\u00f3gicas no permiten volar. Si el mal tiempo impide realizar el vuelo, los participantes recibir\\u00e1n formaci\\u00f3n detallada sobre aeronaves en el aer\\u00f3dromo y tendr\\u00e1n la oportunidad de pilotar drones y conocer las aeronaves y\\u00a0 subirse a ellas aunque no despeguen.<\\\/p><p>Adem\\u00e1s, haremos todo lo posible por reprogramar el vuelo dentro de la misma semana del campamento, asegurando una experiencia completa y enriquecedora para todos.<\\\/p>\"}},{\"@type\":\"Question\",\"name\":\"\\u00bfEs obligatorio participar en el vuelo?, \\u00bfY si le da miedo?\",\"acceptedAnswer\":{\"@type\":\"Answer\",\"text\":\"<p>Participar en <strong>el vuelo es opcional. <\\\/strong><\\\/p><p>Entendemos que algunos participantes pueden sentirse nerviosos ante la idea de volar. Para ellos, ofrecemos una experiencia en tierra, donde pueden explorar la aeronave y experimentar la sensaci\\u00f3n de estar en la cabina junto al piloto dentro de la aeronave en movimiento, sin la necesidad de despegar.<\\\/p><p>Esta alternativa permite a todos los participantes disfrutar de una experiencia inolvidable, respetando sus l\\u00edmites y fomentando un ambiente de aprendizaje seguro y positivo.<\\\/p>\"}},{\"@type\":\"Question\",\"name\":\"\\u00bfEs posible que el participante vuele si no se completa la autorizaci\\u00f3n con certificado o notarial, o si falta la firma de uno de los tutores?\",\"acceptedAnswer\":{\"@type\":\"Answer\",\"text\":\"<p>Para participar en la actividad de vuelo, la legislaci\\u00f3n espa\\u00f1ola requiere el consentimiento de los tutores legales y la legitimaci\\u00f3n de sus firmas con certificado digital o firmado ante notario.<\\\/p><p>Si falta este consentimiento de alguno de los tutores, <strong>el menor no podr\\u00e1 volar.<\\\/strong> Sin embargo, se ofrece una alternativa similar a la proporcionada en condiciones clim\\u00e1ticas adversas.<\\\/p><p>En situaciones especiales, se anima a los tutores a contactar con nosotros para buscar soluciones.<\\\/p>\"}},{\"@type\":\"Question\",\"name\":\"\\u00bfQu\\u00e9 tengo que hacer para legitimar las firmas o  hacer la autorizaci\\u00f3n ante notario?\",\"acceptedAnswer\":{\"@type\":\"Answer\",\"text\":\"<p>Cuando te inscribes a Space Camp Val\\u00e8ncia te enviaremos las instrucciones de c\\u00f3mo proceder con este tr\\u00e1mite.<\\\/p>\\n<p>En general ser\\u00e1 un proceso online, mediante el uso de Certificado Digital y el programa Autofirma.<\\\/p>\\n<p>En los casos en los que no sea posible obtener un certificado digital, como excepci\\u00f3n, podr\\u00e9is ir a nuestro notario que conoce el documento y el procedimiento. En ese caso simplemente indicad en la&nbsp; recepci\\u00f3n de la notaria que quieres <strong>legitimar las firmas para la autorizaci\\u00f3n del Space Camp<\\\/strong>. Es un documento que se debe firmar en personas, por lo que si os lo enviamos, pod\\u00e9is cumplimentarlo, pero <span style=\\\"text-decoration: underline;\\\">NO firmarlos hasta estar con el notario<\\\/span>.<\\\/p>\\n<p>No es necesario pedir cita previa y pagar costes adicionales. Los gatos de notar\\u00eda est\\u00e1n incluidos en el precio de la matricula si acudes a nuestro notario.<\\\/p>\\n<p>En caso de que los tutores legales no puedan acudir a la notaria al mismo tiempo para realizar la firma, pueden hacerlo en d\\u00edas diferentes dejando el documento en posesi\\u00f3n del notario.<\\\/p>\\n<p><strong>Notaria: Notar\\u00eda Arag\\u00f3n 29, <\\\/strong>ubicada en la Avenida Arag\\u00f3n 29 (esquina con el estadio del Mestalla). Telf: 96 351 14 48.&nbsp;<\\\/p>\\n<p>Una vez firmado el documento ante notario, la notar\\u00eda se quedar\\u00e1 dicho documento y nos lo har\\u00e1 llegar directamente.<\\\/p>\\n<p>Si no puedes ir a nuestra notar\\u00eda, puedes acudir a cualquier otra llevando el documento impreso y solicitando una legitimizaci\\u00f3n de firmas. En este caso, no nos haremos cargo de los costes asociados que conlleve dicha legitimaci\\u00f3n y tendr\\u00e1s que traer el documento sellado por el notario.<\\\/p>\"}},{\"@type\":\"Question\",\"name\":\"\\u00bfEn qu\\u00e9 consiste el d\\u00eda de la gravedad cero?\",\"acceptedAnswer\":{\"@type\":\"Answer\",\"text\":\"<p>El d\\u00eda de gravedad cero en el Space Camp es una aventura emocionante donde los participantes experimentan la sensaci\\u00f3n de <strong>trabajar en un entorno sin gravedad<\\\/strong>.<\\\/p><p>El d\\u00eda arranca con una clase magistral presentada por buzos profesionales sobre c\\u00f3mo trabajar bajo el agua, sin gravedad, simulando las condiciones del espacio donde no hay ni gravedad ni oxigeno. Se explican las medidas de seguridad y el uso del equipo necesario para poder respirar bajo el agua y mantener la flotabilidad neutra.<\\\/p><p>Luego, los participantes se trasladan a las instalaciones de la piscina en mini-bus donde ser\\u00e1n divididos en parejas. Cada pareja, junto al equipo de buzos, realizan tareas de ensamblaje subacu\\u00e1ticas, recreando los desaf\\u00edos que enfrentan los astronautas en el espacio.<\\\/p><p>Esta experiencia no solo es educativa, sino tambi\\u00e9n emocionante, al ofrecer una visi\\u00f3n pr\\u00e1ctica del trabajo en microgravedad.<\\\/p><p>Para realizar la experiencia este d\\u00eda es necesario llevar traje de ba\\u00f1o, chancletas, toalla, crema de sol, gorro, gafas de sol y una camiseta t\\u00e9cnica de licra. Si el participante tiene gafas de bucear que cubran ojos y nariz, es recomendable que las traiga.<\\\/p>\"}},{\"@type\":\"Question\",\"name\":\"\\u00bfEs necesario saber nadar para venir al Space Camp?\",\"acceptedAnswer\":{\"@type\":\"Answer\",\"text\":\"<div class=\\\"vc_toggle vc_toggle_text_only vc_toggle_color_default vc_toggle_size_md vc_toggle_active\\\"><div class=\\\"vc_toggle_content\\\"><p>S\\u00ed. Una de las experiencias es la gravedad cero que hacemos en una piscina con buzos profesionales. Es necesario saber nadar para realizar esta actividad.<\\\/p><\\\/div><\\\/div><div class=\\\"vc_toggle vc_toggle_text_only vc_toggle_color_default vc_toggle_size_md vc_toggle_active\\\"><div class=\\\"vc_toggle_content\\\">\\u00a0<\\\/div><\\\/div>\"}},{\"@type\":\"Question\",\"name\":\"\\u00bfEn qu\\u00e9 consiste el d\\u00eda de exploraci\\u00f3n de la superficie de Marte con Rovers?\",\"acceptedAnswer\":{\"@type\":\"Answer\",\"text\":\"<div class=\\\"vc_toggle vc_toggle_text_only vc_toggle_color_default vc_toggle_size_md vc_toggle_active\\\"><div class=\\\"vc_toggle_content\\\"><p>El d\\u00eda dedicado a la exploraci\\u00f3n de la superficie de Marte con Rovers en el Space Camp es una inmersi\\u00f3n profunda en la ingenier\\u00eda mec\\u00e1nica y la rob\\u00f3tica.<\\\/p><p>Los participantes se embarcan en el desaf\\u00edo de dise\\u00f1ar, construir y programar sus propios Rovers.<\\\/p><p>Esta actividad no solo pone a prueba su creatividad y habilidades t\\u00e9cnicas, sino que tambi\\u00e9n les ense\\u00f1a sobre la importancia de la exploraci\\u00f3n espacial y la b\\u00fasqueda de recursos como el agua en Marte.<\\\/p><p>Este d\\u00eda combina teor\\u00eda y pr\\u00e1ctica, proporcionando una experiencia educativa \\u00fanica que simula los desaf\\u00edos reales que enfrentan los ingenieros y cient\\u00edficos en la exploraci\\u00f3n del espacio.<\\\/p><\\\/div><\\\/div><div class=\\\"vc_toggle vc_toggle_text_only vc_toggle_color_default vc_toggle_size_md vc_toggle_active\\\"><div class=\\\"vc_toggle_content\\\">\\u00a0<\\\/div><\\\/div>\"}},{\"@type\":\"Question\",\"name\":\"\\u00bfEn qu\\u00e9 consiste el d\\u00eda de Operaciones en la Estaci\\u00f3n Espacial Internacional con Realidad Virtual?\",\"acceptedAnswer\":{\"@type\":\"Answer\",\"text\":\"<div class=\\\"vc_toggle vc_toggle_text_only vc_toggle_color_default vc_toggle_size_md vc_toggle_active\\\"><div class=\\\"vc_toggle_content\\\"><p>El d\\u00eda de Operaciones en la Estaci\\u00f3n Espacial Internacional (ISS) mediante realidad virtual sumerge a los participantes en la vida y el trabajo de los astronautas en el espacio.<\\\/p><p>Utilizando tecnolog\\u00eda de realidad virtual, los j\\u00f3venes astronautas pueden visitar virtualmente la ISS, realizar un paseo espacial, y experimentar el lanzamiento de la nave Soyuz, su acople a la estaci\\u00f3n, y las tareas diarias de la ISS.<\\\/p><p>Esta experiencia est\\u00e1 dise\\u00f1ada para ense\\u00f1ar sobre la vida en el espacio, el funcionamiento de la ISS, y la importancia del trabajo en equipo y la comunicaci\\u00f3n con la base de control en la Tierra, todo dentro de un entorno seguro y controlado que simula de manera realista el espacio exterior.<\\\/p><\\\/div><\\\/div><div class=\\\"vc_toggle vc_toggle_text_only vc_toggle_color_default vc_toggle_size_md vc_toggle_active\\\"><div class=\\\"vc_toggle_content\\\">\\u00a0<\\\/div><\\\/div>\"}},{\"@type\":\"Question\",\"name\":\"\\u00bfEn qu\\u00e9 consiste el d\\u00eda investigaci\\u00f3n de la vida fuera del planeta mediante experimentos de biolog\\u00eda y qu\\u00edmica?\",\"acceptedAnswer\":{\"@type\":\"Answer\",\"text\":\"<div class=\\\"vc_toggle vc_toggle_text_only vc_toggle_color_default vc_toggle_size_md vc_toggle_active\\\"><div class=\\\"vc_toggle_content\\\"><p>El d\\u00eda dedicado a la investigaci\\u00f3n de la vida fuera del planeta es una jornada fascinante de experimentaci\\u00f3n.<\\\/p><p>Mediante experimentos pr\\u00e1cticos de biolog\\u00eda y qu\\u00edmica, exploran las bases de la vida y teorizan sobre su posible existencia m\\u00e1s all\\u00e1 de la Tierra, aprendiendo d\\u00f3nde y c\\u00f3mo buscar se\\u00f1ales de vida en el cosmos.<\\\/p><\\\/div><\\\/div><div class=\\\"vc_toggle vc_toggle_text_only vc_toggle_color_default vc_toggle_size_md vc_toggle_active\\\"><div class=\\\"vc_toggle_content\\\">\\u00a0<\\\/div><\\\/div>\"}},{\"@type\":\"Question\",\"name\":\"\\u00bfEn qu\\u00e9 consiste el d\\u00eda de Exploraci\\u00f3n del cosmos?\",\"acceptedAnswer\":{\"@type\":\"Answer\",\"text\":\"<div class=\\\"vc_toggle vc_toggle_text_only vc_toggle_color_default vc_toggle_size_md vc_toggle_active\\\"><div class=\\\"vc_toggle_content\\\"><p data-start=\\\"94\\\" data-end=\\\"197\\\"><strong data-start=\\\"94\\\" data-end=\\\"141\\\">El d\\u00eda dedicado a la exploraci\\u00f3n del cosmos<\\\/strong> estar\\u00e1 centrado en descubrir los secretos del universo.<\\\/p><p data-start=\\\"199\\\" data-end=\\\"450\\\">Acompa\\u00f1ados por astr\\u00f3nomos expertos, los participantes se adentrar\\u00e1n en el estudio del cielo, aprender\\u00e1n a reconocer constelaciones y desentra\\u00f1ar los misterios de la V\\u00eda L\\u00e1ctea, a trav\\u00e9s de experiencias y herramientas astron\\u00f3micas adaptadas a su edad.<\\\/p><\\\/div><\\\/div>\"}},{\"@type\":\"Question\",\"name\":\"\\u00bfCu\\u00e1ntos alumnos hay por grupo?\",\"acceptedAnswer\":{\"@type\":\"Answer\",\"text\":\"<div class=\\\"vc_toggle vc_toggle_text_only vc_toggle_color_default vc_toggle_size_md vc_toggle_active\\\"><div class=\\\"vc_toggle_content\\\"><p>El n\\u00famero m\\u00e1ximo de participantes por grupo es de <strong>14 alumnos<\\\/strong> distribuidos en grupos de su misma edad para garantizar que la experiencia es la id\\u00f3nea para todos.<\\\/p><\\\/div><\\\/div><div class=\\\"vc_toggle vc_toggle_text_only vc_toggle_color_default vc_toggle_size_md vc_toggle_active\\\"><div class=\\\"vc_toggle_content\\\">\\u00a0<\\\/div><\\\/div>\"}},{\"@type\":\"Question\",\"name\":\"\\u00bfSe puede llevar m\\u00f3vil\\\/tablet al Space Camp?\",\"acceptedAnswer\":{\"@type\":\"Answer\",\"text\":\"<p>Por supuesto, los participantes pueden traer sus dispositivos m\\u00f3viles o tablets a Space Camp.<\\\/p><p>Valoramos la importancia de aprender a utilizar estos dispositivos de manera responsable. Mientras est\\u00e9n con nosotros, los participantes tendr\\u00e1n la oportunidad de incorporar sus dispositivos en el aprendizaje y la exploraci\\u00f3n, siempre bajo su propia responsabilidad y tras la aprobaci\\u00f3n de los profesores.<\\\/p><p>Es importante recordar que el Space Camp no se responsabiliza por p\\u00e9rdidas o da\\u00f1os que puedan ocurrir durante la estancia en el campamento.<\\\/p>\"}},{\"@type\":\"Question\",\"name\":\"\\u00bfEs posible cancelar la matricula en el Space Camp y obtener un reembolso?\",\"acceptedAnswer\":{\"@type\":\"Answer\",\"text\":\"<div class=\\\"flex-1 overflow-hidden\\\"><div class=\\\"react-scroll-to-bottom--css-oecni-79elbk h-full\\\"><div class=\\\"react-scroll-to-bottom--css-oecni-1n7m0yu\\\"><div class=\\\"flex flex-col text-sm pb-9\\\"><div class=\\\"w-full text-token-text-primary\\\" data-testid=\\\"conversation-turn-33\\\"><div class=\\\"px-4 py-2 justify-center text-base md:gap-6 m-auto\\\"><div class=\\\"flex flex-1 text-base mx-auto gap-3 md:px-5 lg:px-1 xl:px-5 md:max-w-3xl lg:max-w-[40rem] xl:max-w-[48rem] group final-completion\\\"><div class=\\\"relative flex w-full flex-col agent-turn\\\"><div class=\\\"flex-col gap-1 md:gap-3\\\"><div class=\\\"flex flex-grow flex-col max-w-full\\\"><div class=\\\"min-h-[20px] text-message flex flex-col items-start gap-3 whitespace-pre-wrap break-words [.text-message+&amp;]:mt-5 overflow-x-auto\\\" data-message-author-role=\\\"assistant\\\" data-message-id=\\\"8a03eb02-3acc-4bd4-9d02-9a6f2f604aae\\\"><div class=\\\"markdown prose w-full break-words dark:prose-invert light\\\"><p>La pol\\u00edtica de cancelaci\\u00f3n del Space Camp permite cancelar la matr\\u00edcula hasta 15 d\\u00edas antes de su inicio con un <strong>reembolso completo.<\\\/strong><\\\/p><p>Cancelaciones realizadas dentro de los 15 d\\u00edas previos al inicio reciben un <strong>50%<\\\/strong> de devoluci\\u00f3n.<\\\/p><p>No hay reembolsos una vez que el campamento ha comenzado.<\\\/p><\\\/div><\\\/div><\\\/div><\\\/div><div class=\\\"absolute\\\"><div class=\\\"flex w-full gap-2 items-center justify-center\\\"><strong>Cancelaciones en inscripciones realizadas durante promociones<\\\/strong> Las inscripciones efectuadas aprovechando una promoci\\u00f3n especial (por ejemplo, la promoci\\u00f3n de Navidad) podr\\u00e1n cancelarse, pero el reembolso se realizar\\u00e1 por el importe abonado <strong>menos una tarifa fija de 40 \\u20ac<\\\/strong> en concepto de <strong>gesti\\u00f3n y aplicaci\\u00f3n de la promoci\\u00f3n<\\\/strong>. Esta tarifa se aplica independientemente del motivo de la cancelaci\\u00f3n.<\\\/div><\\\/div><\\\/div><\\\/div><\\\/div><\\\/div><\\\/div><\\\/div><\\\/div><\\\/div><div class=\\\"w-full pt-2 md:pt-0 dark:border-white\\\/20 md:border-transparent md:dark:border-transparent md:w-[calc(100%-.5rem)]\\\"><form class=\\\"stretch mx-2 flex flex-row gap-3 last:mb-2 md:mx-4 md:last:mb-6 lg:mx-auto lg:max-w-2xl xl:max-w-3xl\\\"><div class=\\\"relative flex h-full flex-1 flex-col\\\"><div class=\\\"flex w-full items-center\\\">\\u00a0<\\\/div><\\\/div><\\\/form><\\\/div>\"}},{\"@type\":\"Question\",\"name\":\"\\u00bfEn qu\\u00e9 consiste la Promoci\\u00f3n de Navidad?\",\"acceptedAnswer\":{\"@type\":\"Answer\",\"text\":\"<p>Para aquellas personas que reserven la expedici\\u00f3n durante la campa\\u00f1a de Navidad recibir\\u00e1n en su casa la camiseta oficial de Space Camp Valencia, el Boarding Pass con el pase a la expedici\\u00f3n y el Pasaporte de Space Camp.<\\\/p>\"}}]}<\/script>\n\t\t\t\t\t<\/div>\n\t\t\t\t\t\t<\/div>\n\t\t\t\t<\/div>\n\t\t\t\t\t<\/div>\n\t\t\t\t<\/div>\n\t\t\t\t<\/div>\n\t\t","protected":false},"excerpt":{"rendered":"<p>FAQ Dudas Frecuentes \u00bfCu\u00e1ndo se hace el Space Camp? Space Camp se lleva a cabo durante una semana.\u00a0A continuaci\u00f3n puedes ver las fechas de las pr\u00f3ximas expediciones. Puedes elegir la semana que m\u00e1s te convenga: Expedici\u00f3n 3622\/06\/2026 \u2013 26\/06\/2026 Expedici\u00f3n 3729\/06\/2026 \u2013 03\/07\/2026 Expedici\u00f3n 3806\/07\/2026 \u2013 10\/07\/2026 Expedici\u00f3n 3913\/07\/2026 \u2013 17\/07\/2026 Expedici\u00f3n 4019\/07\/2026 \u2013 24\/07\/2026 [&hellip;]<\/p>\n","protected":false},"author":1,"featured_media":0,"parent":0,"menu_order":0,"comment_status":"closed","ping_status":"closed","template":"","meta":{"_seopress_robots_primary_cat":"0","_seopress_titles_title":"","_seopress_titles_desc":"","_seopress_robots_index":"","footnotes":""},"class_list":["post-490","page","type-page","status-publish","hentry"],"_links":{"self":[{"href":"https:\/\/spacecampvalencia.es\/en\/wp-json\/wp\/v2\/pages\/490","targetHints":{"allow":["GET"]}}],"collection":[{"href":"https:\/\/spacecampvalencia.es\/en\/wp-json\/wp\/v2\/pages"}],"about":[{"href":"https:\/\/spacecampvalencia.es\/en\/wp-json\/wp\/v2\/types\/page"}],"author":[{"embeddable":true,"href":"https:\/\/spacecampvalencia.es\/en\/wp-json\/wp\/v2\/users\/1"}],"replies":[{"embeddable":true,"href":"https:\/\/spacecampvalencia.es\/en\/wp-json\/wp\/v2\/comments?post=490"}],"version-history":[{"count":274,"href":"https:\/\/spacecampvalencia.es\/en\/wp-json\/wp\/v2\/pages\/490\/revisions"}],"predecessor-version":[{"id":6531,"href":"https:\/\/spacecampvalencia.es\/en\/wp-json\/wp\/v2\/pages\/490\/revisions\/6531"}],"wp:attachment":[{"href":"https:\/\/spacecampvalencia.es\/en\/wp-json\/wp\/v2\/media?parent=490"}],"curies":[{"name":"wp","href":"https:\/\/api.w.org\/{rel}","templated":true}]}}